{"id":961,"date":"2022-06-12T09:20:43","date_gmt":"2022-06-12T09:20:43","guid":{"rendered":"http:\/\/reunivervalencia.com\/?page_id=961"},"modified":"2023-06-23T10:25:32","modified_gmt":"2023-06-23T10:25:32","slug":"notre-equipe","status":"publish","type":"page","link":"https:\/\/reunivervalencia.com\/fr\/notre-equipe\/","title":{"rendered":"Notre equipe"},"content":{"rendered":"\n<div class=\"wrapper-scrollMe\">\n<div class=\"scrollMe\"><\/div>\n<\/div>\n\n\n\n<div class=\"wp-block-group block-1 cover\"><div class=\"wp-block-group__inner-container\">\n<div class=\"wp-block-columns\">\n<div class=\"wp-block-column\">\n<h1>Notre equipe<\/h1>\n<\/div>\n\n\n\n<div class=\"wp-block-column text\">\n<div class=\"wp-block-group\"><div class=\"wp-block-group__inner-container\">\n<p>Le staff de Reuniver adore son travail ! Nous savons que c&rsquo;est un privil\u00e8ge que d&rsquo;accompagner de jeunes \u00e9tudiants qui poursuivent leurs r\u00eaves personnels et professionnels. Nous sommes \u00e0 leur c\u00f4t\u00e9 dans cette nouvelle \u00e9tape de leur vie et nous nous effor\u00e7ons au maximum pour que ces ann\u00e9es parmi nous restent grav\u00e9es dans leur m\u00e9moire comme des souvenirs inoubliables.<\/p>\n<\/div><\/div>\n<\/div>\n<\/div>\n<\/div><\/div>\n\n\n\n<div class=\"wp-block-group block-2\"><div class=\"wp-block-group__inner-container\"><div class=\"slider type-1 swiper-container\"><ul class=\"swiper-wrapper\"><li class=\"swiper-slide slide-1\"><div class=\"inner\"><div class=\"text\"><p>Plus de<br \/>\n20 ans<br \/>\nd'exp\u00e9rience<br \/>\ncomme<br \/>\nr\u00e9sidence<br \/>\nuniversitaire.<\/p>\n<\/div><div class=\"image\"><figure><img width=\"1000\" height=\"1111\" src=\"https:\/\/reunivervalencia.com\/wp-content\/uploads\/2022\/06\/dos-decadas-experiencia.jpg\" class=\"attachment-full size-full\" alt=\"\" loading=\"lazy\" srcset=\"https:\/\/reunivervalencia.com\/wp-content\/uploads\/2022\/06\/dos-decadas-experiencia.jpg 1000w, https:\/\/reunivervalencia.com\/wp-content\/uploads\/2022\/06\/dos-decadas-experiencia-270x300.jpg 270w, https:\/\/reunivervalencia.com\/wp-content\/uploads\/2022\/06\/dos-decadas-experiencia-922x1024.jpg 922w, https:\/\/reunivervalencia.com\/wp-content\/uploads\/2022\/06\/dos-decadas-experiencia-768x853.jpg 768w\" sizes=\"(max-width: 1000px) 100vw, 1000px\" \/><\/figure><\/div><\/div><\/li><li class=\"swiper-slide slide-2\"><div class=\"inner\"><div class=\"text\"><p>Nous nous<br \/>\nchargeons de<br \/>\nl'alimentation,<br \/>\npr\u00e9par\u00e9e tous<br \/>\nles jours,<br \/>\nainsi que<br \/>\ndu nettoyage.<\/p>\n<\/div><div class=\"image\"><figure><img width=\"1000\" height=\"1100\" src=\"https:\/\/reunivervalencia.com\/wp-content\/uploads\/2022\/06\/comida-limpieza.jpg\" class=\"attachment-full size-full\" alt=\"\" loading=\"lazy\" srcset=\"https:\/\/reunivervalencia.com\/wp-content\/uploads\/2022\/06\/comida-limpieza.jpg 1000w, https:\/\/reunivervalencia.com\/wp-content\/uploads\/2022\/06\/comida-limpieza-273x300.jpg 273w, https:\/\/reunivervalencia.com\/wp-content\/uploads\/2022\/06\/comida-limpieza-931x1024.jpg 931w, https:\/\/reunivervalencia.com\/wp-content\/uploads\/2022\/06\/comida-limpieza-768x845.jpg 768w\" sizes=\"(max-width: 1000px) 100vw, 1000px\" \/><\/figure><\/div><\/div><\/li><li class=\"swiper-slide slide-3\"><div class=\"inner\"><div class=\"text\"><p>Nous sommes<br \/>\n\u00e0 ton \u00e9coute,<br \/>\nde jour<br \/>\ncomme de<br \/>\nnuit.<\/p>\n<\/div><div class=\"image\"><figure><img width=\"1000\" height=\"1098\" src=\"https:\/\/reunivervalencia.com\/wp-content\/uploads\/2022\/06\/asistencia-24h.jpg\" class=\"attachment-full size-full\" alt=\"\" loading=\"lazy\" srcset=\"https:\/\/reunivervalencia.com\/wp-content\/uploads\/2022\/06\/asistencia-24h.jpg 1000w, https:\/\/reunivervalencia.com\/wp-content\/uploads\/2022\/06\/asistencia-24h-273x300.jpg 273w, https:\/\/reunivervalencia.com\/wp-content\/uploads\/2022\/06\/asistencia-24h-933x1024.jpg 933w, https:\/\/reunivervalencia.com\/wp-content\/uploads\/2022\/06\/asistencia-24h-768x843.jpg 768w\" sizes=\"(max-width: 1000px) 100vw, 1000px\" \/><\/figure><\/div><\/div><\/li><\/ul><\/div><div class=\"swiper-pagination\"><\/div>\n<\/div><\/div>\n\n\n\n<div class=\"wp-block-group block-3\"><div class=\"wp-block-group__inner-container\">\n<p>Notre equipe<\/p>\n<\/div><\/div>\n\n\n\n<div class=\"wp-block-columns is-not-stacked-on-mobile block-4 team\">\n<div class=\"wp-block-column\">\n<figure class=\"wp-block-image size-large\"><img loading=\"lazy\" width=\"683\" height=\"1024\" src=\"http:\/\/reunivervalencia.com\/wp-content\/uploads\/2022\/06\/Mercedes-Ruiz-683x1024.jpg\" alt=\"\" class=\"wp-image-170\" srcset=\"https:\/\/reunivervalencia.com\/wp-content\/uploads\/2022\/06\/Mercedes-Ruiz-683x1024.jpg 683w, https:\/\/reunivervalencia.com\/wp-content\/uploads\/2022\/06\/Mercedes-Ruiz-200x300.jpg 200w, https:\/\/reunivervalencia.com\/wp-content\/uploads\/2022\/06\/Mercedes-Ruiz-500x749.jpg 500w, https:\/\/reunivervalencia.com\/wp-content\/uploads\/2022\/06\/Mercedes-Ruiz.jpg 750w\" sizes=\"(max-width: 683px) 100vw, 683px\" \/><\/figure>\n\n\n\n<h2>Mercedes Ruiz<\/h2>\n\n\n\n<h3 class=\"green\">Coordinateur<\/h3>\n\n\n\n<p>M\u00e8re il n&rsquo;y en a qu&rsquo;une, c&rsquo;est vrai, mais Mercedes ressemble tellement \u00e0 une deuxi\u00e8me m\u00e8re!!<\/p>\n<\/div>\n\n\n\n<div class=\"wp-block-column\">\n<figure class=\"wp-block-image size-large\"><img loading=\"lazy\" width=\"683\" height=\"1024\" src=\"http:\/\/reunivervalencia.com\/wp-content\/uploads\/2022\/06\/Yann-Domenech-683x1024.jpg\" alt=\"\" class=\"wp-image-168\" srcset=\"https:\/\/reunivervalencia.com\/wp-content\/uploads\/2022\/06\/Yann-Domenech-683x1024.jpg 683w, https:\/\/reunivervalencia.com\/wp-content\/uploads\/2022\/06\/Yann-Domenech-200x300.jpg 200w, https:\/\/reunivervalencia.com\/wp-content\/uploads\/2022\/06\/Yann-Domenech-500x749.jpg 500w, https:\/\/reunivervalencia.com\/wp-content\/uploads\/2022\/06\/Yann-Domenech.jpg 750w\" sizes=\"(max-width: 683px) 100vw, 683px\" \/><\/figure>\n\n\n\n<h2>Yann Domenech<\/h2>\n\n\n\n<h3 class=\"orange\">G\u00e9rant<\/h3>\n\n\n\n<p>C&rsquo;est pour moi un honneur que de diriger cette \u00e9quipe.<\/p>\n<\/div>\n<\/div>\n\n\n\n<div class=\"wp-block-columns is-not-stacked-on-mobile block-5 team\">\n<div class=\"wp-block-column\">\n<figure class=\"wp-block-image size-large\"><img loading=\"lazy\" width=\"683\" height=\"1024\" src=\"http:\/\/reunivervalencia.com\/wp-content\/uploads\/2022\/06\/Amparo-Sabater-683x1024.jpg\" alt=\"\" class=\"wp-image-173\" srcset=\"https:\/\/reunivervalencia.com\/wp-content\/uploads\/2022\/06\/Amparo-Sabater-683x1024.jpg 683w, https:\/\/reunivervalencia.com\/wp-content\/uploads\/2022\/06\/Amparo-Sabater-200x300.jpg 200w, https:\/\/reunivervalencia.com\/wp-content\/uploads\/2022\/06\/Amparo-Sabater-500x749.jpg 500w, https:\/\/reunivervalencia.com\/wp-content\/uploads\/2022\/06\/Amparo-Sabater.jpg 750w\" sizes=\"(max-width: 683px) 100vw, 683px\" \/><\/figure>\n\n\n\n<h2>Amparo Sabater<\/h2>\n\n\n\n<h3 class=\"purple\">Administration<\/h3>\n\n\n\n<p>Elle est pr\u00e9sente toute la nuit \u00e0 l&rsquo;\u00e9coute des r\u00e9sidents. C&rsquo;est la garante de la convivialit\u00e9.<\/p>\n<\/div>\n\n\n\n<div class=\"wp-block-column\">\n<figure class=\"wp-block-image size-large\"><img loading=\"lazy\" width=\"683\" height=\"1024\" src=\"http:\/\/reunivervalencia.com\/wp-content\/uploads\/2022\/06\/Cloe-Domenech-683x1024.jpg\" alt=\"\" class=\"wp-image-174\" srcset=\"https:\/\/reunivervalencia.com\/wp-content\/uploads\/2022\/06\/Cloe-Domenech-683x1024.jpg 683w, https:\/\/reunivervalencia.com\/wp-content\/uploads\/2022\/06\/Cloe-Domenech-200x300.jpg 200w, https:\/\/reunivervalencia.com\/wp-content\/uploads\/2022\/06\/Cloe-Domenech-500x749.jpg 500w, https:\/\/reunivervalencia.com\/wp-content\/uploads\/2022\/06\/Cloe-Domenech.jpg 750w\" sizes=\"(max-width: 683px) 100vw, 683px\" \/><\/figure>\n\n\n\n<h2>Cloe Domenech<\/h2>\n\n\n\n<h3 class=\"purple\">Administration<\/h3>\n\n\n\n<p>Elle est discr\u00e8te mais est toujours l\u00e0 pour trouver une solution.<\/p>\n<\/div>\n<\/div>\n\n\n\n<div class=\"wp-block-columns is-not-stacked-on-mobile block-6 team\">\n<div class=\"wp-block-column\">\n<figure class=\"wp-block-image size-large\"><img loading=\"lazy\" width=\"683\" height=\"1024\" src=\"http:\/\/reunivervalencia.com\/wp-content\/uploads\/2022\/06\/Amparo-Bailach-683x1024.jpg\" alt=\"\" class=\"wp-image-176\" srcset=\"https:\/\/reunivervalencia.com\/wp-content\/uploads\/2022\/06\/Amparo-Bailach-683x1024.jpg 683w, https:\/\/reunivervalencia.com\/wp-content\/uploads\/2022\/06\/Amparo-Bailach-200x300.jpg 200w, https:\/\/reunivervalencia.com\/wp-content\/uploads\/2022\/06\/Amparo-Bailach-500x749.jpg 500w, https:\/\/reunivervalencia.com\/wp-content\/uploads\/2022\/06\/Amparo-Bailach.jpg 750w\" sizes=\"(max-width: 683px) 100vw, 683px\" \/><\/figure>\n\n\n\n<h2>Amparo Bailach<\/h2>\n\n\n\n<h3 class=\"orange\">Cuisine<\/h3>\n\n\n\n<p>\u201cIl faut manger de tout, r\u00e9p\u00e8te-t&rsquo;elle \u00e0 nos r\u00e9sidents.\u201d Et elle y arrive!!<\/p>\n<\/div>\n\n\n\n<div class=\"wp-block-column\">\n<figure class=\"wp-block-image size-large\"><img loading=\"lazy\" width=\"683\" height=\"1024\" src=\"http:\/\/reunivervalencia.com\/wp-content\/uploads\/2022\/06\/Maria-Jose-Gomez-683x1024.jpg\" alt=\"\" class=\"wp-image-177\" srcset=\"https:\/\/reunivervalencia.com\/wp-content\/uploads\/2022\/06\/Maria-Jose-Gomez-683x1024.jpg 683w, https:\/\/reunivervalencia.com\/wp-content\/uploads\/2022\/06\/Maria-Jose-Gomez-200x300.jpg 200w, https:\/\/reunivervalencia.com\/wp-content\/uploads\/2022\/06\/Maria-Jose-Gomez-500x749.jpg 500w, https:\/\/reunivervalencia.com\/wp-content\/uploads\/2022\/06\/Maria-Jose-Gomez.jpg 750w\" sizes=\"(max-width: 683px) 100vw, 683px\" \/><\/figure>\n\n\n\n<h2>M\u00aa Jos\u00e9 G\u00f3mez<\/h2>\n\n\n\n<h3 class=\"orange\">Cuisine<\/h3>\n\n\n\n<p>\u201cC&rsquo;est une grande satisfaction de les voir en reprendre en disant que c&rsquo;est bon\u201d .<\/p>\n<\/div>\n<\/div>\n\n\n\n<div class=\"wp-block-group block-7 featured-text image-inside-text\"><div class=\"wp-block-group__inner-container\">\n<p>A Reuniver il y a <br>toujours <img loading=\"lazy\" width=\"300\" height=\"126\" class=\"wp-image-426\" style=\"width: 150px;\" src=\"http:\/\/reunivervalencia.com\/wp-content\/uploads\/2022\/06\/punos.jpg\" alt=\"\"> quelqu&rsquo;un pour t&rsquo;aider<\/p>\n<\/div><\/div>\n\n\n\n<div class=\"wp-block-columns is-not-stacked-on-mobile block-8 team\">\n<div class=\"wp-block-column\">\n<figure class=\"wp-block-image size-large\"><img loading=\"lazy\" width=\"683\" height=\"1024\" src=\"http:\/\/reunivervalencia.com\/wp-content\/uploads\/2022\/06\/Pilar-Claramunt-683x1024.jpg\" alt=\"\" class=\"wp-image-182\" srcset=\"https:\/\/reunivervalencia.com\/wp-content\/uploads\/2022\/06\/Pilar-Claramunt-683x1024.jpg 683w, https:\/\/reunivervalencia.com\/wp-content\/uploads\/2022\/06\/Pilar-Claramunt-200x300.jpg 200w, https:\/\/reunivervalencia.com\/wp-content\/uploads\/2022\/06\/Pilar-Claramunt-500x749.jpg 500w, https:\/\/reunivervalencia.com\/wp-content\/uploads\/2022\/06\/Pilar-Claramunt.jpg 750w\" sizes=\"(max-width: 683px) 100vw, 683px\" \/><\/figure>\n\n\n\n<h2>Pilar Claramunt<\/h2>\n\n\n\n<h3 class=\"orange\">Cuisine<\/h3>\n\n\n\n<p>\u201dJe les chouchoute comme mes enfants, et ils le savent !!\u201d<\/p>\n<\/div>\n\n\n\n<div class=\"wp-block-column\">\n<figure class=\"wp-block-image size-full\"><img loading=\"lazy\" width=\"750\" height=\"1124\" src=\"http:\/\/reunivervalencia.com\/wp-content\/uploads\/2022\/07\/Reuniver_-_Monica_Sabater.jpg\" alt=\"\" class=\"wp-image-949\" srcset=\"https:\/\/reunivervalencia.com\/wp-content\/uploads\/2022\/07\/Reuniver_-_Monica_Sabater.jpg 750w, https:\/\/reunivervalencia.com\/wp-content\/uploads\/2022\/07\/Reuniver_-_Monica_Sabater-200x300.jpg 200w, https:\/\/reunivervalencia.com\/wp-content\/uploads\/2022\/07\/Reuniver_-_Monica_Sabater-683x1024.jpg 683w\" sizes=\"(max-width: 750px) 100vw, 750px\" \/><\/figure>\n\n\n\n<h2>Monica Sabater<\/h2>\n\n\n\n<h3 class=\"blue\">Concierge de nuit<\/h3>\n\n\n\n<p>Elle est l\u00e0 toute la nuit pour nos r\u00e9sidents. Elle a m\u00eame pr\u00e9par\u00e9 plus d&rsquo;un sandwich \u00e0 trois heures du matin!!<\/p>\n<\/div>\n<\/div>\n\n\n\n<div class=\"wp-block-columns is-not-stacked-on-mobile block-9 team\">\n<div class=\"wp-block-column\">\n<figure class=\"wp-block-image size-large\"><img loading=\"lazy\" width=\"683\" height=\"1024\" src=\"http:\/\/reunivervalencia.com\/wp-content\/uploads\/2022\/06\/Ligia-de-Seixas-1-683x1024.jpg\" alt=\"\" class=\"wp-image-186\" srcset=\"https:\/\/reunivervalencia.com\/wp-content\/uploads\/2022\/06\/Ligia-de-Seixas-1-683x1024.jpg 683w, https:\/\/reunivervalencia.com\/wp-content\/uploads\/2022\/06\/Ligia-de-Seixas-1-200x300.jpg 200w, https:\/\/reunivervalencia.com\/wp-content\/uploads\/2022\/06\/Ligia-de-Seixas-1-500x749.jpg 500w, https:\/\/reunivervalencia.com\/wp-content\/uploads\/2022\/06\/Ligia-de-Seixas-1.jpg 750w\" sizes=\"(max-width: 683px) 100vw, 683px\" \/><\/figure>\n\n\n\n<h2>Ligia Maria De Seixas<\/h2>\n\n\n\n<h3 class=\"yellow\">M\u00e9nage<\/h3>\n\n\n\n<p>Elle conna\u00eet les horaires de tous les r\u00e9sidents, elle se d\u00e9brouille toujours pour faire le m\u00e9nage sans d\u00e9ranger.<\/p>\n<\/div>\n\n\n\n<div class=\"wp-block-column\">\n<figure class=\"wp-block-image size-large\"><img loading=\"lazy\" width=\"683\" height=\"1024\" src=\"http:\/\/reunivervalencia.com\/wp-content\/uploads\/2022\/06\/Gabina-Rosario-683x1024.jpg\" alt=\"\" class=\"wp-image-189\" srcset=\"https:\/\/reunivervalencia.com\/wp-content\/uploads\/2022\/06\/Gabina-Rosario-683x1024.jpg 683w, https:\/\/reunivervalencia.com\/wp-content\/uploads\/2022\/06\/Gabina-Rosario-200x300.jpg 200w, https:\/\/reunivervalencia.com\/wp-content\/uploads\/2022\/06\/Gabina-Rosario-500x749.jpg 500w, https:\/\/reunivervalencia.com\/wp-content\/uploads\/2022\/06\/Gabina-Rosario.jpg 750w\" sizes=\"(max-width: 683px) 100vw, 683px\" \/><\/figure>\n\n\n\n<h2>Rosario Gabina<\/h2>\n\n\n\n<h3 class=\"yellow\">M\u00e9nage<\/h3>\n\n\n\n<p>Douce mais \u00e0 la fin de l&rsquo;ann\u00e9e tous les \u00e9l\u00e8ves savent qu&rsquo;il est important d&rsquo;avoir une chambre ordonn\u00e9e. Les familles appr\u00e9cient!!<\/p>\n<\/div>\n<\/div>\n","protected":false},"excerpt":{"rendered":"<p>Notre equipe Le staff de Reuniver adore son travail ! Nous savons que c&rsquo;est un privil\u00e8ge que d&rsquo;accompagner de jeunes \u00e9tudiants qui poursuivent leurs r\u00eaves personnels et professionnels. Nous sommes \u00e0 leur c\u00f4t\u00e9 dans cette nouvelle \u00e9tape de leur vie et nous nous effor\u00e7ons au maximum pour que ces ann\u00e9es parmi nous restent grav\u00e9es dans [&hellip;]<\/p>\n","protected":false},"author":1,"featured_media":0,"parent":0,"menu_order":0,"comment_status":"closed","ping_status":"closed","template":"fullwidth-without-title.php","meta":[],"yoast_head":"<!-- This site is optimized with the Yoast SEO plugin v19.3 - https:\/\/yoast.com\/wordpress\/plugins\/seo\/ -->\n<title>Notre equipe - Reuniver<\/title>\n<meta name=\"robots\" content=\"index, follow, max-snippet:-1, max-image-preview:large, max-video-preview:-1\" \/>\n<link rel=\"canonical\" href=\"https:\/\/reunivervalencia.com\/fr\/notre-equipe\/\" \/>\n<meta property=\"og:locale\" content=\"fr_FR\" \/>\n<meta property=\"og:type\" content=\"article\" \/>\n<meta property=\"og:title\" content=\"Notre equipe - Reuniver\" \/>\n<meta property=\"og:description\" content=\"Notre equipe Le staff de Reuniver adore son travail ! Nous savons que c&rsquo;est un privil\u00e8ge que d&rsquo;accompagner de jeunes \u00e9tudiants qui poursuivent leurs r\u00eaves personnels et professionnels. Nous sommes \u00e0 leur c\u00f4t\u00e9 dans cette nouvelle \u00e9tape de leur vie et nous nous effor\u00e7ons au maximum pour que ces ann\u00e9es parmi nous restent grav\u00e9es dans [&hellip;]\" \/>\n<meta property=\"og:url\" content=\"https:\/\/reunivervalencia.com\/fr\/notre-equipe\/\" \/>\n<meta property=\"og:site_name\" content=\"Reuniver\" \/>\n<meta property=\"article:modified_time\" content=\"2023-06-23T10:25:32+00:00\" \/>\n<meta property=\"og:image\" content=\"http:\/\/reunivervalencia.com\/wp-content\/uploads\/2022\/06\/Mercedes-Ruiz-683x1024.jpg\" \/>\n<meta name=\"twitter:card\" content=\"summary_large_image\" \/>\n<meta name=\"twitter:label1\" content=\"Dur\u00e9e de lecture estim\u00e9e\" \/>\n\t<meta name=\"twitter:data1\" content=\"4 minutes\" \/>\n<script type=\"application\/ld+json\" class=\"yoast-schema-graph\">{\"@context\":\"https:\/\/schema.org\",\"@graph\":[{\"@type\":\"WebSite\",\"@id\":\"https:\/\/reunivervalencia.com\/#website\",\"url\":\"https:\/\/reunivervalencia.com\/\",\"name\":\"Reuniver\",\"description\":\"Votre autre maison \u00e0 Valencia\",\"potentialAction\":[{\"@type\":\"SearchAction\",\"target\":{\"@type\":\"EntryPoint\",\"urlTemplate\":\"https:\/\/reunivervalencia.com\/?s={search_term_string}\"},\"query-input\":\"required name=search_term_string\"}],\"inLanguage\":\"fr-FR\"},{\"@type\":\"ImageObject\",\"inLanguage\":\"fr-FR\",\"@id\":\"https:\/\/reunivervalencia.com\/fr\/notre-equipe\/#primaryimage\",\"url\":\"http:\/\/reunivervalencia.com\/wp-content\/uploads\/2022\/06\/Mercedes-Ruiz-683x1024.jpg\",\"contentUrl\":\"http:\/\/reunivervalencia.com\/wp-content\/uploads\/2022\/06\/Mercedes-Ruiz-683x1024.jpg\"},{\"@type\":\"WebPage\",\"@id\":\"https:\/\/reunivervalencia.com\/fr\/notre-equipe\/\",\"url\":\"https:\/\/reunivervalencia.com\/fr\/notre-equipe\/\",\"name\":\"Notre equipe - Reuniver\",\"isPartOf\":{\"@id\":\"https:\/\/reunivervalencia.com\/#website\"},\"primaryImageOfPage\":{\"@id\":\"https:\/\/reunivervalencia.com\/fr\/notre-equipe\/#primaryimage\"},\"datePublished\":\"2022-06-12T09:20:43+00:00\",\"dateModified\":\"2023-06-23T10:25:32+00:00\",\"breadcrumb\":{\"@id\":\"https:\/\/reunivervalencia.com\/fr\/notre-equipe\/#breadcrumb\"},\"inLanguage\":\"fr-FR\",\"potentialAction\":[{\"@type\":\"ReadAction\",\"target\":[\"https:\/\/reunivervalencia.com\/fr\/notre-equipe\/\"]}]},{\"@type\":\"BreadcrumbList\",\"@id\":\"https:\/\/reunivervalencia.com\/fr\/notre-equipe\/#breadcrumb\",\"itemListElement\":[{\"@type\":\"ListItem\",\"position\":1,\"name\":\"Portada\",\"item\":\"https:\/\/reunivervalencia.com\/fr\/\"},{\"@type\":\"ListItem\",\"position\":2,\"name\":\"Notre equipe\"}]}]}<\/script>\n<!-- \/ Yoast SEO plugin. -->","yoast_head_json":{"title":"Notre equipe - Reuniver","robots":{"index":"index","follow":"follow","max-snippet":"max-snippet:-1","max-image-preview":"max-image-preview:large","max-video-preview":"max-video-preview:-1"},"canonical":"https:\/\/reunivervalencia.com\/fr\/notre-equipe\/","og_locale":"fr_FR","og_type":"article","og_title":"Notre equipe - Reuniver","og_description":"Notre equipe Le staff de Reuniver adore son travail ! Nous savons que c&rsquo;est un privil\u00e8ge que d&rsquo;accompagner de jeunes \u00e9tudiants qui poursuivent leurs r\u00eaves personnels et professionnels. Nous sommes \u00e0 leur c\u00f4t\u00e9 dans cette nouvelle \u00e9tape de leur vie et nous nous effor\u00e7ons au maximum pour que ces ann\u00e9es parmi nous restent grav\u00e9es dans [&hellip;]","og_url":"https:\/\/reunivervalencia.com\/fr\/notre-equipe\/","og_site_name":"Reuniver","article_modified_time":"2023-06-23T10:25:32+00:00","og_image":[{"url":"http:\/\/reunivervalencia.com\/wp-content\/uploads\/2022\/06\/Mercedes-Ruiz-683x1024.jpg"}],"twitter_card":"summary_large_image","twitter_misc":{"Dur\u00e9e de lecture estim\u00e9e":"4 minutes"},"schema":{"@context":"https:\/\/schema.org","@graph":[{"@type":"WebSite","@id":"https:\/\/reunivervalencia.com\/#website","url":"https:\/\/reunivervalencia.com\/","name":"Reuniver","description":"Votre autre maison \u00e0 Valencia","potentialAction":[{"@type":"SearchAction","target":{"@type":"EntryPoint","urlTemplate":"https:\/\/reunivervalencia.com\/?s={search_term_string}"},"query-input":"required name=search_term_string"}],"inLanguage":"fr-FR"},{"@type":"ImageObject","inLanguage":"fr-FR","@id":"https:\/\/reunivervalencia.com\/fr\/notre-equipe\/#primaryimage","url":"http:\/\/reunivervalencia.com\/wp-content\/uploads\/2022\/06\/Mercedes-Ruiz-683x1024.jpg","contentUrl":"http:\/\/reunivervalencia.com\/wp-content\/uploads\/2022\/06\/Mercedes-Ruiz-683x1024.jpg"},{"@type":"WebPage","@id":"https:\/\/reunivervalencia.com\/fr\/notre-equipe\/","url":"https:\/\/reunivervalencia.com\/fr\/notre-equipe\/","name":"Notre equipe - Reuniver","isPartOf":{"@id":"https:\/\/reunivervalencia.com\/#website"},"primaryImageOfPage":{"@id":"https:\/\/reunivervalencia.com\/fr\/notre-equipe\/#primaryimage"},"datePublished":"2022-06-12T09:20:43+00:00","dateModified":"2023-06-23T10:25:32+00:00","breadcrumb":{"@id":"https:\/\/reunivervalencia.com\/fr\/notre-equipe\/#breadcrumb"},"inLanguage":"fr-FR","potentialAction":[{"@type":"ReadAction","target":["https:\/\/reunivervalencia.com\/fr\/notre-equipe\/"]}]},{"@type":"BreadcrumbList","@id":"https:\/\/reunivervalencia.com\/fr\/notre-equipe\/#breadcrumb","itemListElement":[{"@type":"ListItem","position":1,"name":"Portada","item":"https:\/\/reunivervalencia.com\/fr\/"},{"@type":"ListItem","position":2,"name":"Notre equipe"}]}]}},"_links":{"self":[{"href":"https:\/\/reunivervalencia.com\/fr\/wp-json\/wp\/v2\/pages\/961"}],"collection":[{"href":"https:\/\/reunivervalencia.com\/fr\/wp-json\/wp\/v2\/pages"}],"about":[{"href":"https:\/\/reunivervalencia.com\/fr\/wp-json\/wp\/v2\/types\/page"}],"author":[{"embeddable":true,"href":"https:\/\/reunivervalencia.com\/fr\/wp-json\/wp\/v2\/users\/1"}],"replies":[{"embeddable":true,"href":"https:\/\/reunivervalencia.com\/fr\/wp-json\/wp\/v2\/comments?post=961"}],"version-history":[{"count":18,"href":"https:\/\/reunivervalencia.com\/fr\/wp-json\/wp\/v2\/pages\/961\/revisions"}],"predecessor-version":[{"id":1397,"href":"https:\/\/reunivervalencia.com\/fr\/wp-json\/wp\/v2\/pages\/961\/revisions\/1397"}],"wp:attachment":[{"href":"https:\/\/reunivervalencia.com\/fr\/wp-json\/wp\/v2\/media?parent=961"}],"curies":[{"name":"wp","href":"https:\/\/api.w.org\/{rel}","templated":true}]}}